{"id":12,"date":"2012-04-29T10:12:36","date_gmt":"2012-04-29T10:12:36","guid":{"rendered":"http:\/\/localhost\/projectos\/Boris%20Tomschiczek\/?page_id=12"},"modified":"2021-01-15T12:12:52","modified_gmt":"2021-01-15T10:12:52","slug":"kontakt","status":"publish","type":"page","link":"http:\/\/boristomschiczek.de\/index.php\/kontakt\/","title":{"rendered":"Kontakt"},"content":{"rendered":"<div style=\"color: #000000;\">\n<p><img decoding=\"async\" loading=\"lazy\" class=\"alignleft wp-image-629\" src=\"http:\/\/boristomschiczek.de\/wp-content\/uploads\/2012\/04\/Boris-Portraits-Arbeitskopie-2-12-202x300.jpg\" alt=\"Boris Tomschiczek (Foto: Hans Herbig)\" width=\"121\" height=\"179\" srcset=\"http:\/\/boristomschiczek.de\/wp-content\/uploads\/2012\/04\/Boris-Portraits-Arbeitskopie-2-12-202x300.jpg 202w, http:\/\/boristomschiczek.de\/wp-content\/uploads\/2012\/04\/Boris-Portraits-Arbeitskopie-2-12-101x150.jpg 101w, http:\/\/boristomschiczek.de\/wp-content\/uploads\/2012\/04\/Boris-Portraits-Arbeitskopie-2-12-692x1024.jpg 692w, http:\/\/boristomschiczek.de\/wp-content\/uploads\/2012\/04\/Boris-Portraits-Arbeitskopie-2-12.jpg 1120w\" sizes=\"(max-width: 121px) 100vw, 121px\" \/><span style=\"color: #888888;\"><a id=\"showFormLink\" href=\"?showForm\"><span style=\"color: #888888;\">boris [at] tomschiczek.de<\/span><\/a><\/span><br \/>\nWeiherbachweg 7<br \/>\n83043 Bad Aibling &#8211; Berbling<\/p>\n<p>+49 01714031999<\/p>\n<p>&nbsp;<\/p>\n<p>&nbsp;<\/p>\n<p>Aktuelles:<br \/>\n<img decoding=\"async\" loading=\"lazy\" class=\"alignleft wp-image-707\" src=\"http:\/\/boristomschiczek.de\/wp-content\/uploads\/2021\/01\/Boris-Bayerischer-Filmpreis-225x300.jpg\" alt=\"\" width=\"284\" height=\"379\" srcset=\"http:\/\/boristomschiczek.de\/wp-content\/uploads\/2021\/01\/Boris-Bayerischer-Filmpreis-225x300.jpg 225w, http:\/\/boristomschiczek.de\/wp-content\/uploads\/2021\/01\/Boris-Bayerischer-Filmpreis-113x150.jpg 113w, http:\/\/boristomschiczek.de\/wp-content\/uploads\/2021\/01\/Boris-Bayerischer-Filmpreis-768x1024.jpg 768w\" sizes=\"(max-width: 284px) 100vw, 284px\" \/><\/p>\n<p>&nbsp;<\/p>\n<p>&nbsp;<\/p>\n<p>&nbsp;<\/p>\n<p>&nbsp;<\/p>\n<p>&nbsp;<\/p>\n<p>&nbsp;<\/p>\n<p>&nbsp;<\/p>\n<p>&nbsp;<\/p>\n<p>&nbsp;<\/p>\n<p>2020 erhielt das BR Format &#8222;Die Landfrauenk\u00fcche&#8220;<br \/>\nf\u00fcr die Produktion (Megaherz) den Bayerischen Filmpreis.<br \/>\nAls Regisseur war ich \u00fcber 10 Staffeln f\u00fcr dieses Format<br \/>\nt\u00e4tig. Ich freue mich \u00fcber diese Ehrung<\/p>\n<p>Zu Zeit sind 4 neue Folgen meiner Dokuserie<br \/>\n&#8222;Stofferl Wells Bayern&#8220; hier <a href=\"https:\/\/www.br.de\/mediathek\/video\/stofferl-wells-bayern-23092019-strawanzen-im-bayerischen-wald-av:5d5ab27ae364e90013aef290\">online<\/a><\/p>\n<p><img decoding=\"async\" loading=\"lazy\" class=\"alignleft wp-image-681\" src=\"http:\/\/boristomschiczek.de\/wp-content\/uploads\/2019\/09\/PHOTO-2019-08-07-14-20-20-300x200.jpg\" alt=\"\" width=\"428\" height=\"285\" srcset=\"http:\/\/boristomschiczek.de\/wp-content\/uploads\/2019\/09\/PHOTO-2019-08-07-14-20-20-300x200.jpg 300w, http:\/\/boristomschiczek.de\/wp-content\/uploads\/2019\/09\/PHOTO-2019-08-07-14-20-20-150x100.jpg 150w, http:\/\/boristomschiczek.de\/wp-content\/uploads\/2019\/09\/PHOTO-2019-08-07-14-20-20.jpg 640w\" sizes=\"(max-width: 428px) 100vw, 428px\" \/><\/p>\n<p>&nbsp;<\/p>\n<\/div>\n<p>&nbsp;<\/p>\n<p>&nbsp;<\/p>\n<p>&nbsp;<\/p>\n<p>&nbsp;<\/p>\n<p>&nbsp;<\/p>\n<div style=\"color: #000000;\">\n<p>&nbsp;<\/p>\n<p>&nbsp;<\/p>\n<p>Meine Lebenslinie &#8222;Christiane Blumhoff &#8211; Mehr als Kom\u00f6die&#8220;<br \/>\n\u00fcber die Schauspielerin lief auf dem BR und ist hier <a href=\"https:\/\/www.br.de\/br-fernsehen\/sendungen\/lebenslinien\/christiane-blumhoff-mehr-als-komoedie-schauspielerin100.html\">online<\/a><\/p>\n<p><img decoding=\"async\" loading=\"lazy\" class=\"alignleft wp-image-650\" src=\"http:\/\/boristomschiczek.de\/wp-content\/uploads\/2019\/01\/IMG_1572-300x225.jpg\" alt=\"\" width=\"429\" height=\"322\" srcset=\"http:\/\/boristomschiczek.de\/wp-content\/uploads\/2019\/01\/IMG_1572-300x225.jpg 300w, http:\/\/boristomschiczek.de\/wp-content\/uploads\/2019\/01\/IMG_1572-150x113.jpg 150w, http:\/\/boristomschiczek.de\/wp-content\/uploads\/2019\/01\/IMG_1572-768x576.jpg 768w, http:\/\/boristomschiczek.de\/wp-content\/uploads\/2019\/01\/IMG_1572-1024x768.jpg 1024w\" sizes=\"(max-width: 429px) 100vw, 429px\" \/><\/p>\n<p>&nbsp;<\/p>\n<p>&nbsp;<\/p>\n<p>&nbsp;<\/p>\n<p>&nbsp;<\/p>\n<p>&nbsp;<\/p>\n<p>&nbsp;<\/p>\n<p>&nbsp;<\/p>\n<p>&nbsp;<\/p>\n<p>Auch die aktuellen &#8222;Stofferl Wells Bayern&#8220;-Folgen und mehr<br \/>\nsind <a href=\"https:\/\/www.br.de\/mediathek\/sendung\/stofferl-wells-bayern-av:584f4c223b467900117bf826\">online<\/a><br \/>\nHier geht es zu Outakes mit Stofferl,<br \/>\n<a href=\"https:\/\/www.youtube.com\/watch?v=xPqBvdzPEoI\">Monobo Son\u00a0<\/a>und <a href=\"https:\/\/www.br.de\/mediathek\/video\/stofferl-wells-bayern-willy-michl-isarflimmern-av:5baa4e9db7991b0018e224ad\">Willy Michl<\/a><\/p>\n<p>Zur Webseite der <a href=\"http:\/\/www.br.de\/fernsehen\/bayerisches-fernsehen\/sendungen\/landfrauenkueche\/index.html\">Landfrauenk\u00fcche<\/a><\/p>\n<p><a href=\"https:\/\/www.youtube.com\/watch?v=jOIUFCfrHx0\">Robert Coyne &#8222;Hound of fate&#8220; Video<\/a><br \/>\n<img decoding=\"async\" loading=\"lazy\" class=\"alignleft size-medium wp-image-651\" src=\"http:\/\/boristomschiczek.de\/wp-content\/uploads\/2019\/01\/DSF0425-300x200.jpg\" alt=\"\" width=\"300\" height=\"200\" srcset=\"http:\/\/boristomschiczek.de\/wp-content\/uploads\/2019\/01\/DSF0425-300x200.jpg 300w, http:\/\/boristomschiczek.de\/wp-content\/uploads\/2019\/01\/DSF0425-150x100.jpg 150w, http:\/\/boristomschiczek.de\/wp-content\/uploads\/2019\/01\/DSF0425-768x512.jpg 768w, http:\/\/boristomschiczek.de\/wp-content\/uploads\/2019\/01\/DSF0425-1024x683.jpg 1024w\" sizes=\"(max-width: 300px) 100vw, 300px\" \/><\/p>\n<\/div>\n<p>&nbsp;<\/p>\n<p>&nbsp;<\/p>\n<p>&nbsp;<\/p>\n<p>&nbsp;<\/p>\n<p>&nbsp;<\/p>\n<div style=\"color: #000000;\">\n<p>Das einzigartige Dokuprojekt<br \/>\n<a title=\"24 h Bayern\" href=\"http:\/\/24hbayern.de\/\">24 h Bayern &#8211; Ein Tag Heimat<br \/>\n<\/a>wurde am 3. Juni 2017 auf<br \/>\ndem BR ausgestrahlt. <a title=\"DVD 24 Stunden Bayern\" href=\"https:\/\/www.br-shop.de\/24-h-bayern\">Video vom Dreh<br \/>\nDie DVD ist hier erh\u00e4ltlich<br \/>\n<\/a><br \/>\nDer Kulturpreis 2016 des Landkreises Rosenheim<br \/>\nging an den Nonfiktionale e.V.<br \/>\n<a href=\"http:\/\/boristomschiczek.de\/index.php\/kontakt\/download\/\" rel=\"attachment wp-att-596\"><img decoding=\"async\" loading=\"lazy\" title=\"Kulturpreis 2016\" src=\"http:\/\/boristomschiczek.de\/wp-content\/uploads\/2012\/04\/download.jpg\" alt=\"\" width=\"280\" height=\"210\" \/><\/a><\/p>\n<p>Die Lebenslinie<br \/>\n&#8222;Stofferl Well &#8211; Herzkasperl Kasperlherz&#8220;<br \/>\nim Bayerischen Fernsehen und steht<br \/>\nonline in der BR\u00a0 <a title=\"Lebenslinie Stofferl Well\" href=\"http:\/\/www.br.de\/mediathek\/video\/sendungen\/lebenslinien\/stofferl-well-herzkasperl-kasperlherz-110.html\">Mediathek<\/a> zum &#8222;Visionieren&#8220;<br \/>\nbereit.<\/p>\n<p><a href=\"http:\/\/boristomschiczek.de\/index.php\/kontakt\/stofferl-ll-4\/\" rel=\"attachment wp-att-468\"><img decoding=\"async\" loading=\"lazy\" class=\"alignnone wp-image-468\" title=\"Stofferl LL 4\" src=\"http:\/\/boristomschiczek.de\/wp-content\/uploads\/2012\/04\/Stofferl-LL-4-300x200.jpg\" alt=\"\" width=\"299\" height=\"198\" srcset=\"http:\/\/boristomschiczek.de\/wp-content\/uploads\/2012\/04\/Stofferl-LL-4-300x200.jpg 300w, http:\/\/boristomschiczek.de\/wp-content\/uploads\/2012\/04\/Stofferl-LL-4-150x100.jpg 150w, http:\/\/boristomschiczek.de\/wp-content\/uploads\/2012\/04\/Stofferl-LL-4.jpg 640w\" sizes=\"(max-width: 299px) 100vw, 299px\" \/><\/a><br \/>\n(Stofferl Well im Herkulessaal\/ Dreharbeiten<br \/>\nLebenslinie)<\/p>\n<p>&#8222;Die L\u00e4rche &#8211; Unser Holz&#8220;<br \/>\nf\u00fcr die Richter Spielger\u00e4te GmbH<br \/>\nkann <a title=\"&quot;Die L\u00e4rche - Unser Holz&quot;\" href=\"https:\/\/vimeo.com\/130424328\">hier online<\/a> gesichtet werden.<\/p>\n<p>&#8222;ONE ROOM MAN &#8211; Kevin Coyne&#8220;<\/p>\n<p><span style=\"color: #888888;\"><strong>Hier bestellen DVD &#8222;ONE ROOM MAN &#8211; Kevin Coyne&#8220;<\/strong><\/span><span style=\"color: #888888;\"><br \/>\nmit 60 Minuten unver\u00f6ffentlichtem Bonusmaterial.<\/span><\/p>\n<p><span style=\"color: #888888;\"><strong style=\"color: #888888;\">Order here DVD &#8222;ONE ROOM MAN &#8211; Kevin Coyne&#8220;<\/strong><\/span><br \/>\n<span style=\"color: #888888;\">plus 60 minutes unreleased\u00a0 bonustracks.<\/span><\/p>\n<p><a href=\"http:\/\/boristomschiczek.de\/index.php\/bestellformular\"><span style=\"color: #ff0000;\"><strong>DVD BESTELLFORMULAR\/ DVD ORDER<\/strong><\/span><br \/>\n<\/a> <a href=\"http:\/\/boristomschiczek.de\/index.php\/bestellformular\"><img decoding=\"async\" loading=\"lazy\" class=\"alignleft wp-image-306\" title=\"ONE ROOM MAN DVD\" src=\"http:\/\/boristomschiczek.de\/wp-content\/uploads\/2012\/04\/ONE-ROOM-MAN-DVD1-291x300.jpg\" alt=\"\" width=\"367\" height=\"378\" srcset=\"http:\/\/boristomschiczek.de\/wp-content\/uploads\/2012\/04\/ONE-ROOM-MAN-DVD1-291x300.jpg 291w, http:\/\/boristomschiczek.de\/wp-content\/uploads\/2012\/04\/ONE-ROOM-MAN-DVD1-145x150.jpg 145w, http:\/\/boristomschiczek.de\/wp-content\/uploads\/2012\/04\/ONE-ROOM-MAN-DVD1-996x1024.jpg 996w\" sizes=\"(max-width: 367px) 100vw, 367px\" \/><\/a><\/p>\n<p>&nbsp;<\/p>\n<p>&nbsp;<\/p>\n<p>&nbsp;<\/p>\n<p>&nbsp;<\/p>\n<p>&nbsp;<\/p>\n<p>&nbsp;<\/p>\n<p>&nbsp;<\/p>\n<p>&nbsp;<\/p>\n<p><a href=\"http:\/\/boristomschiczek.de\/index.php\/bestellformular\"><span style=\"color: #888888;\">\u00a0<\/span><\/a><\/p>\n<p>&nbsp;<\/p>\n<p>&nbsp;<\/p>\n<\/div>\n<div id=\"page-div-right\">[si-contact-form form=&#8217;1&#8242;]<\/div>\n","protected":false},"excerpt":{"rendered":"<p>boris [at] tomschiczek.de Weiherbachweg 7 83043 Bad Aibling &#8211; Berbling +49 01714031999 &nbsp; &nbsp; Aktuelles: &nbsp; &nbsp; &nbsp; &nbsp; &nbsp; &nbsp; &nbsp; &nbsp; &nbsp; 2020 erhielt das BR Format &#8222;Die Landfrauenk\u00fcche&#8220; f\u00fcr die Produktion (Megaherz) den Bayerischen Filmpreis. Als Regisseur war ich \u00fcber 10 Staffeln f\u00fcr dieses Format t\u00e4tig. Ich freue mich \u00fcber diese Ehrung [&hellip;]<\/p>\n","protected":false},"author":1,"featured_media":0,"parent":0,"menu_order":0,"comment_status":"open","ping_status":"open","template":"kontakt.php","meta":[],"_links":{"self":[{"href":"http:\/\/boristomschiczek.de\/index.php\/wp-json\/wp\/v2\/pages\/12"}],"collection":[{"href":"http:\/\/boristomschiczek.de\/index.php\/wp-json\/wp\/v2\/pages"}],"about":[{"href":"http:\/\/boristomschiczek.de\/index.php\/wp-json\/wp\/v2\/types\/page"}],"author":[{"embeddable":true,"href":"http:\/\/boristomschiczek.de\/index.php\/wp-json\/wp\/v2\/users\/1"}],"replies":[{"embeddable":true,"href":"http:\/\/boristomschiczek.de\/index.php\/wp-json\/wp\/v2\/comments?post=12"}],"version-history":[{"count":174,"href":"http:\/\/boristomschiczek.de\/index.php\/wp-json\/wp\/v2\/pages\/12\/revisions"}],"predecessor-version":[{"id":709,"href":"http:\/\/boristomschiczek.de\/index.php\/wp-json\/wp\/v2\/pages\/12\/revisions\/709"}],"wp:attachment":[{"href":"http:\/\/boristomschiczek.de\/index.php\/wp-json\/wp\/v2\/media?parent=12"}],"curies":[{"name":"wp","href":"https:\/\/api.w.org\/{rel}","templated":true}]}}